{"id":16,"date":"2024-01-05T15:36:56","date_gmt":"2024-01-05T14:36:56","guid":{"rendered":"https:\/\/logos-kieser.de\/?page_id=16"},"modified":"2026-08-06T12:01:26","modified_gmt":"2026-08-06T10:01:26","slug":"startseite","status":"publish","type":"page","link":"https:\/\/logos-kieser.de\/","title":{"rendered":"Start"},"content":{"rendered":"\n<div class=\"wp-block-uagb-container uagb-block-5aebf2ed alignfull uagb-is-root-container\"><div class=\"uagb-container-inner-blocks-wrap\">\n<div class=\"wp-block-uagb-advanced-heading uagb-block-47842191\"><h1 class=\"uagb-heading-text\">Logop\u00e4die in Steppach<\/h1><\/div>\n<\/div><\/div>\n\n\n\n<div class=\"wp-block-uagb-container uagb-block-26c4cb90 alignfull uagb-is-root-container\"><div class=\"uagb-container-inner-blocks-wrap\">\n<div class=\"wp-block-uagb-container uagb-block-125dd36a\">\n<div class=\"wp-block-uagb-advanced-heading uagb-block-e601c12a\"><h2 class=\"uagb-heading-text\">Herzlich Willkommen bei L\u00f3gos!<\/h2><\/div>\n<\/div>\n\n\n\n<div class=\"wp-block-uagb-container uagb-block-fd755c72\"><div style=\"font-style:normal;font-weight:700\" class=\"wp-block-categories-dropdown wp-block-categories-taxonomy-category wp-block-categories\"><label class=\"wp-block-categories__label\" for=\"wp-block-categories-1\">Kategorien<\/label><select  name='category_name' id='wp-block-categories-1' class='postform'>\n\t<option value='-1'>Kategorie ausw\u00e4hlen<\/option>\n\t<option class=\"level-0\" value=\"logopaedie-erwachsene\">Logop\u00e4die f\u00fcr Erwachsene<\/option>\n\t<option class=\"level-0\" value=\"logopaedie-senioren\">Logop\u00e4die f\u00fcr Senioren<\/option>\n\t<option class=\"level-0\" value=\"logopaedie-kinder\">Logop\u00e4die im Kindesalter<\/option>\n\t<option class=\"level-0\" value=\"material-sprachrhythmus\">Material f\u00fcr Sprachrhythmus<\/option>\n\t<option class=\"level-0\" value=\"material-grammatik\">Material zur Grammatikentwicklung<\/option>\n<\/select><script>\n( ( [ dropdownId, homeUrl ] ) => {\n\t\tconst dropdown = document.getElementById( dropdownId );\n\t\tfunction onSelectChange() {\n\t\t\tsetTimeout( () => {\n\t\t\t\tif ( 'escape' === dropdown.dataset.lastkey ) {\n\t\t\t\t\treturn;\n\t\t\t\t}\n\t\t\t\t\/\/ Only navigate if a valid term is selected (not the default \"Select [taxonomy]\" option)\n\t\t\t\tif ( dropdown.value && dropdown.value !== '-1' && dropdown instanceof HTMLSelectElement ) {\n\t\t\t\t\tconst url = new URL( homeUrl );\n\t\t\t\t\turl.searchParams.set( dropdown.name, dropdown.value );\n\t\t\t\t\tlocation.href = url.href;\n\t\t\t\t}\n\t\t\t}, 250 );\n\t\t}\n\t\tfunction onKeyUp( event ) {\n\t\t\tif ( 'Escape' === event.key ) {\n\t\t\t\tdropdown.dataset.lastkey = 'escape';\n\t\t\t} else {\n\t\t\t\tdelete dropdown.dataset.lastkey;\n\t\t\t}\n\t\t}\n\t\tfunction onClick() {\n\t\t\tdelete dropdown.dataset.lastkey;\n\t\t}\n\t\tdropdown.addEventListener( 'keyup', onKeyUp );\n\t\tdropdown.addEventListener( 'click', onClick );\n\t\tdropdown.addEventListener( 'change', onSelectChange );\n\t} )( [\"wp-block-categories-1\",\"https:\/\/logos-kieser.de\"] );\n\/\/# sourceURL=build_dropdown_script_block_core_categories\n<\/script>\n\n<\/div><\/div>\n\n\n\n<div class=\"wp-block-uagb-container uagb-block-0fa4401d\">\n<div class=\"wp-block-uagb-image uagb-block-0b0cfdbc wp-block-uagb-image--layout-default wp-block-uagb-image--effect-static wp-block-uagb-image--align-none\"><figure class=\"wp-block-uagb-image__figure\"><img decoding=\"async\" src=\"https:\/\/logos-kieser.de\/wp-content\/uploads\/2024\/01\/Linda-208x300.jpg\" alt=\"\" class=\"uag-image-73\" width=\"208\" height=\"300\" title=\"\" loading=\"lazy\" role=\"img\" \/><\/figure><\/div>\n<\/div>\n\n\n\n<div class=\"wp-block-uagb-container uagb-block-20609296\">\n<p class=\"wp-block-paragraph\">Mein Name ist Linda Kieser. Ich bin Logop\u00e4din und Praxisinhaberin.<br>Meine Mitarbeiterinnen und ich unterst\u00fctzen Sie und\/oder Ihr Kind kompetent bei jeglichen Sprach-, Sprech-, Stimm- oder Schluckst\u00f6rungen. <br>Informieren Sie sich auf diesen Seiten zu Themen rund um meine Praxis in Neus\u00e4\u00df, Steppach und \u00fcber die logop\u00e4dische Behandlung. St\u00f6bern Sie in den Beitr\u00e4gen zu der Kategorie, die Sie interessiert.  <br>Viel Spa\u00df beim Entdecken der vielen Inhalte!<br>Zur Terminabsprache rufen Sie uns bitte an, oder schreiben Sie uns \u00fcber das Kontaktformular. Gerne k\u00f6nnen Sie sich jederzeit mit Ihren Anliegen an mich wenden.<\/p>\n\n\n\n<div class=\"wp-block-buttons is-layout-flex wp-block-buttons-is-layout-flex\">\n<div class=\"wp-block-button\"><a class=\"wp-block-button__link wp-element-button\">Kontakt<\/a><\/div>\n<\/div>\n<\/div>\n<\/div><\/div>\n\n\n\n<div class=\"wp-block-uagb-container uagb-block-a80f9d03 alignfull uagb-is-root-container\"><div class=\"uagb-container-inner-blocks-wrap\">\n<div class=\"wp-block-uagb-separator uagb-block-9cc61f5a\"><div class=\"wp-block-uagb-separator__inner\" style=\"--my-background-image:\"><\/div><\/div>\n<\/div><\/div>\n\n\n\n<div class=\"wp-block-uagb-container uagb-block-b08e8d0f alignfull uagb-is-root-container\"><div class=\"uagb-container-inner-blocks-wrap\">\n<div class=\"wp-block-uagb-container uagb-block-b8c03bef\">\n<div class=\"wp-block-uagb-advanced-heading uagb-block-2aa0f4ae\"><h3 class=\"uagb-heading-text\">Hier finden Sie uns:<\/h3><\/div>\n\n\n\n<p class=\"wp-block-paragraph\">Logop\u00e4dische Praxis L\u00f3gos<br>Kolpingstr. 1<br>86356 Neus\u00e4\u00df<br><br>2. Stock, Aufzug vorhanden<br><br>Telefon: 0821 &#8211; 208 15 313<br>E-Mail: info@logos-kieser.de<\/p>\n<\/div>\n\n\n\n<div class=\"wp-block-uagb-container uagb-block-1fc18ecc\">\n<p class=\"wp-block-paragraph\">Die Praxis befindet sich in Neus\u00e4\u00df, Steppach. <br>Unser Einzugsgebiet umfasst auch Stadtbergen, Diedorf und das westliche Umland von Augsburg.<\/p>\n\n\n\n<div class=\"wp-block-uagb-separator uagb-block-c74b4a43 uag-hide-tab uag-hide-mob\"><div class=\"wp-block-uagb-separator__inner\" style=\"--my-background-image:\"><\/div><\/div>\n\n\n\n<p class=\"wp-block-paragraph\">Leider ist die Praxis nicht barrierefrei, aber ein Aufzug ist vorhanden. Am Eingang m\u00fcssen 3 Stufen bew\u00e4ltigt werden.<\/p>\n<\/div>\n\n\n\n<div class=\"wp-block-uagb-container uagb-block-f21ee614\">\t\t\t<div \n\t\t\tclass=\"wp-block-uagb-google-map uagb-google-map__wrap uagb-block-cf74fbbd     \"\n\t\t\tstyle=\"\" >\n\t\t\t\t<embed\n\t\t\t\t\tclass=\"uagb-google-map__iframe\"\n\t\t\t\t\ttitle=\"Google Map for \"\n\t\t\t\t\tsrc=\"https:\/\/maps.google.com\/maps?q=L%C3%B3gos%2C%20Logop%C3%A4dische%20Praxis%20Linda%20Kieser&#038;z=12&#038;hl=de&#038;t=m&#038;output=embed&#038;iwloc=near\"\n\t\t\t\t\twidth=\"640\"\n\t\t\t\t\theight=\"300\"\n\t\t\t\t\tloading=\"lazy\"\n\t\t\t\t><\/embed>\n\t\t\t<\/div>\n\t\t\t<\/div>\n<\/div><\/div>\n\n\n\n<div class=\"wp-block-uagb-container uagb-block-f3bd0f3f alignfull uagb-is-root-container\"><div class=\"uagb-container-inner-blocks-wrap\">\n<div class=\"wp-block-uagb-separator uagb-block-24b7832c\"><div class=\"wp-block-uagb-separator__inner\" style=\"--my-background-image:\"><\/div><\/div>\n<\/div><\/div>\n\n\n\n<div class=\"wp-block-uagb-container uagb-block-1d824e77 alignfull uagb-is-root-container\"><div class=\"uagb-container-inner-blocks-wrap\">\n<div class=\"wp-block-uagb-advanced-heading uagb-block-730a87db\"><h2 class=\"uagb-heading-text\">Das L\u00f3gos-Team stellt sich vor:<\/h2><\/div>\n\n\n\n<p class=\"wp-block-paragraph\">Entwicklungsauff\u00e4lligkeiten? Stimmprobleme? Stottern? Sprachverlust nach Schlaganfall? Aussprachest\u00f6rungen? Schluckprobleme?<br>Als Expertinnen in diesen Bereichen finden wir einen Weg, um Sie zu unterst\u00fctzen und voranzubringen.<br>Teamsupervision und regelm\u00e4\u00dfige Fortbildungen sorgen daf\u00fcr, dass wir fachlich immer auf dem aktuellen Stand sind.<br>Wir machen unsere Arbeit wirklich au\u00dferordentlich gern und engagieren uns f\u00fcr Sie, auch wenn besondere Bed\u00fcrfnisse beachtet werden m\u00fcssen.<\/p>\n<\/div><\/div>\n\n\n\n<div class=\"wp-block-uagb-image aligncenter uagb-block-a8faa035 wp-block-uagb-image--layout-overlay wp-block-uagb-image--effect-static wp-block-uagb-image--align-center uag-hide-tab uag-hide-mob\"><figure class=\"wp-block-uagb-image__figure\"><img decoding=\"async\" src=\"https:\/\/logos-kieser.de\/wp-content\/uploads\/2024\/01\/logos-zu-dritt-scaled-e1705149994167-1024x394.jpg\" alt=\"\" class=\"uag-image-66\" width=\"1024\" height=\"394\" title=\"\" loading=\"lazy\" role=\"img\" \/><div class=\"wp-block-uagb-image--layout-overlay__color-wrapper\"><\/div><div class=\"wp-block-uagb-image--layout-overlay__inner bottom-center\"><h2 class=\"uagb-image-heading\"> Christine Schloz &#8212;&#8212;&#8212; Linda Kieser &#8212;&#8212;&#8212; Anastasia Spanou<\/h2><figcaption class=\"uagb-image-caption\"><br><br><br>Logop\u00e4din (B.Sc.). Seit 2020 bei L\u00f3gos. &gt;&gt; &lt;&lt; Logop\u00e4din, Theologin, Praxisinhaberin seit 2014. &gt;&gt; &lt;&lt;Logop\u00e4din. Seit 2018 bei L\u00f3gos.<\/figcaption><\/div><\/figure><\/div>\n\n\n\n<div class=\"wp-block-uagb-container uagb-block-a9f9514e alignfull uagb-is-root-container\"><div class=\"uagb-container-inner-blocks-wrap\">\n<div class=\"wp-block-uagb-container uagb-block-c3885bbe\">\n<div class=\"wp-block-uagb-advanced-heading uagb-block-114f7aa9\"><h5 class=\"uagb-heading-text\">Schwerpunkte Christine Schloz<\/h5><\/div>\n\n\n\n<div class=\"wp-block-uagb-image aligncenter uagb-block-d6fd9f7c wp-block-uagb-image--layout-overlay wp-block-uagb-image--effect-static wp-block-uagb-image--align-center uag-hide-desktop\"><figure class=\"wp-block-uagb-image__figure\"><img decoding=\"async\" src=\"https:\/\/logos-kieser.de\/wp-content\/uploads\/2024\/01\/Christine-2-150x150.jpg\" alt=\"\" class=\"uag-image-70\" width=\"150\" height=\"150\" title=\"\" loading=\"lazy\" role=\"img\" \/><div class=\"wp-block-uagb-image--layout-overlay__color-wrapper\"><\/div><div class=\"wp-block-uagb-image--layout-overlay__inner bottom-center\"><\/div><\/figure><\/div>\n\n\n\n<ul class=\"wp-block-list\">\n<li>Kon-Lab Fachtherapeutin<\/li>\n\n\n\n<li>Kindersprache<\/li>\n\n\n\n<li>myofunktionelle St\u00f6rungen<\/li>\n\n\n\n<li>Stimmtherapie (i.A. an ESTILL-Voice)<\/li>\n\n\n\n<li>Verbale Entwicklungsdyspraxie<\/li>\n\n\n\n<li>Taping in der Logop\u00e4die<\/li>\n<\/ul>\n<\/div>\n\n\n\n<div class=\"wp-block-uagb-container uagb-block-ef670c10\">\n<div class=\"wp-block-uagb-advanced-heading uagb-block-48a8ad21\"><h5 class=\"uagb-heading-text\">Schwerpunkte Linda Kieser<\/h5><\/div>\n\n\n\n<div class=\"wp-block-uagb-image aligncenter uagb-block-f0c64272 wp-block-uagb-image--layout-default wp-block-uagb-image--effect-static wp-block-uagb-image--align-center uag-hide-desktop\"><figure class=\"wp-block-uagb-image__figure\"><img decoding=\"async\" src=\"https:\/\/logos-kieser.de\/wp-content\/uploads\/2024\/01\/Linda-e1705145568351-150x150.jpg\" alt=\"\" class=\"uag-image-73\" width=\"150\" height=\"150\" title=\"\" loading=\"lazy\" role=\"img\" \/><\/figure><\/div>\n\n\n\n<ul class=\"wp-block-list\">\n<li>Fachtherapeutin f. Komm. bei Autismus-Spektrum-St\u00f6rungen (ASS)<\/li>\n\n\n\n<li>Kon-Lab-Fachtherapeutin<\/li>\n\n\n\n<li>Late-Talker<\/li>\n\n\n\n<li>App-Entwicklung zur Sprachf\u00f6rderung<\/li>\n\n\n\n<li>Stottern und Poltern<\/li>\n\n\n\n<li>Osteopathische Techniken<\/li>\n<\/ul>\n<\/div>\n\n\n\n<div class=\"wp-block-uagb-container uagb-block-54f7a118\">\n<div class=\"wp-block-uagb-advanced-heading uagb-block-08bf7bf1\"><h5 class=\"uagb-heading-text\">Schwerpunkte Anastasia Spanou<\/h5><\/div>\n\n\n\n<div class=\"wp-block-uagb-image aligncenter uagb-block-087d6260 wp-block-uagb-image--layout-default wp-block-uagb-image--effect-static wp-block-uagb-image--align-center uag-hide-desktop\"><figure class=\"wp-block-uagb-image__figure\"><img decoding=\"async\" src=\"https:\/\/logos-kieser.de\/wp-content\/uploads\/2024\/01\/Anastasia-1-150x150.jpg\" alt=\"\" class=\"uag-image-69\" width=\"150\" height=\"150\" title=\"\" loading=\"lazy\" role=\"img\" \/><\/figure><\/div>\n\n\n\n<ul class=\"wp-block-list\">\n<li>LSVT zertifizierte Trainerin, <br>z.B. bei Parkinson<\/li>\n\n\n\n<li>Aphasie-Therapie<\/li>\n\n\n\n<li>Schluckst\u00f6rungen<\/li>\n\n\n\n<li>Dysarthrie und Sprechapraxie<\/li>\n\n\n\n<li>Kindersprache, auch nach Kon-Lab<\/li>\n<\/ul>\n<\/div>\n<\/div><\/div>\n\n\n\n<div class=\"wp-block-uagb-separator uagb-block-9444b5b5\"><div class=\"wp-block-uagb-separator__inner\" style=\"--my-background-image:\"><\/div><\/div>\n\n\n\n\n\n\n\n<p class=\"wp-block-paragraph\"><\/p>\n","protected":false},"excerpt":{"rendered":"<p>Logop\u00e4die in Steppach Herzlich Willkommen bei L\u00f3gos! Mein Name ist Linda Kieser. Ich bin Logop\u00e4din und Praxisinhaberin.Meine Mitarbeiterinnen und ich [&hellip;]<\/p>\n","protected":false},"author":1,"featured_media":0,"parent":0,"menu_order":0,"comment_status":"closed","ping_status":"closed","template":"","meta":{"_uag_custom_page_level_css":"","site-sidebar-layout":"default","site-content-layout":"","ast-site-content-layout":"default","site-content-style":"default","site-sidebar-style":"default","ast-global-header-display":"","ast-banner-title-visibility":"","ast-main-header-display":"","ast-hfb-above-header-display":"","ast-hfb-below-header-display":"","ast-hfb-mobile-header-display":"","site-post-title":"disabled","ast-breadcrumbs-content":"","ast-featured-img":"","footer-sml-layout":"","theme-transparent-header-meta":"","adv-header-id-meta":"","stick-header-meta":"","header-above-stick-meta":"","header-main-stick-meta":"","header-below-stick-meta":"","astra-migrate-meta-layouts":"default","ast-page-background-enabled":"default","ast-page-background-meta":{"desktop":{"background-color":"var(--ast-global-color-4)","background-image":"","background-repeat":"repeat","background-position":"center center","background-size":"auto","background-attachment":"scroll","background-type":"","background-media":"","overlay-type":"","overlay-color":"","overlay-opacity":"","overlay-gradient":""},"tablet":{"background-color":"","background-image":"","background-repeat":"repeat","background-position":"center center","background-size":"auto","background-attachment":"scroll","background-type":"","background-media":"","overlay-type":"","overlay-color":"","overlay-opacity":"","overlay-gradient":""},"mobile":{"background-color":"","background-image":"","background-repeat":"repeat","background-position":"center center","background-size":"auto","background-attachment":"scroll","background-type":"","background-media":"","overlay-type":"","overlay-color":"","overlay-opacity":"","overlay-gradient":""}},"ast-content-background-meta":{"desktop":{"background-color":"var(--ast-global-color-5)","background-image":"","background-repeat":"repeat","background-position":"center center","background-size":"auto","background-attachment":"scroll","background-type":"","background-media":"","overlay-type":"","overlay-color":"","overlay-opacity":"","overlay-gradient":""},"tablet":{"background-color":"var(--ast-global-color-5)","background-image":"","background-repeat":"repeat","background-position":"center center","background-size":"auto","background-attachment":"scroll","background-type":"","background-media":"","overlay-type":"","overlay-color":"","overlay-opacity":"","overlay-gradient":""},"mobile":{"background-color":"var(--ast-global-color-5)","background-image":"","background-repeat":"repeat","background-position":"center center","background-size":"auto","background-attachment":"scroll","background-type":"","background-media":"","overlay-type":"","overlay-color":"","overlay-opacity":"","overlay-gradient":""}},"footnotes":""},"class_list":["post-16","page","type-page","status-publish","hentry"],"yoast_head":"<!-- This site is optimized with the Yoast SEO plugin v28.2 - https:\/\/yoast.com\/product\/yoast-seo-wordpress\/ -->\n<title>Start - Logop\u00e4dische Praxis Linda Kieser<\/title>\n<meta name=\"description\" content=\"Logop\u00e4dische Praxis in Neus\u00e4\u00df, Steppach. Sprach-, Sprech-, Stimm- und Schlucktherapie nahe Augsburg und Stadtbergen. Telefon: 0821 - 20815313\" \/>\n<meta name=\"robots\" content=\"index, follow, max-snippet:-1, max-image-preview:large, max-video-preview:-1\" \/>\n<link rel=\"canonical\" href=\"https:\/\/logos-kieser.de\/\" \/>\n<meta property=\"og:locale\" content=\"de_DE\" \/>\n<meta property=\"og:type\" content=\"article\" \/>\n<meta property=\"og:title\" content=\"Start - Logop\u00e4dische Praxis Linda Kieser\" \/>\n<meta property=\"og:description\" content=\"Logop\u00e4dische Praxis in Neus\u00e4\u00df, Steppach. Sprach-, Sprech-, Stimm- und Schlucktherapie nahe Augsburg und Stadtbergen. Telefon: 0821 - 20815313\" \/>\n<meta property=\"og:url\" content=\"https:\/\/logos-kieser.de\/\" \/>\n<meta property=\"og:site_name\" content=\"Logop\u00e4dische Praxis Linda Kieser\" \/>\n<meta property=\"article:modified_time\" content=\"2026-08-06T10:01:26+00:00\" \/>\n<meta property=\"og:image\" content=\"https:\/\/logos-kieser.de\/wp-content\/uploads\/2024\/01\/Linda-208x300.jpg\" \/>\n<meta name=\"twitter:card\" content=\"summary_large_image\" \/>\n<meta name=\"twitter:label1\" content=\"Gesch\u00e4tzte Lesezeit\" \/>\n\t<meta name=\"twitter:data1\" content=\"3\u00a0Minuten\" \/>\n<script type=\"application\/ld+json\" class=\"yoast-schema-graph\">{\"@context\":\"https:\\\/\\\/schema.org\",\"@graph\":[{\"@type\":\"WebPage\",\"@id\":\"https:\\\/\\\/logos-kieser.de\\\/\",\"url\":\"https:\\\/\\\/logos-kieser.de\\\/\",\"name\":\"Start - Logop\u00e4dische Praxis Linda Kieser\",\"isPartOf\":{\"@id\":\"https:\\\/\\\/logos-kieser.de\\\/#website\"},\"primaryImageOfPage\":{\"@id\":\"https:\\\/\\\/logos-kieser.de\\\/#primaryimage\"},\"image\":{\"@id\":\"https:\\\/\\\/logos-kieser.de\\\/#primaryimage\"},\"thumbnailUrl\":\"https:\\\/\\\/logos-kieser.de\\\/wp-content\\\/uploads\\\/2024\\\/01\\\/Linda-208x300.jpg\",\"datePublished\":\"2024-01-05T14:36:56+00:00\",\"dateModified\":\"2026-08-06T10:01:26+00:00\",\"description\":\"Logop\u00e4dische Praxis in Neus\u00e4\u00df, Steppach. Sprach-, Sprech-, Stimm- und Schlucktherapie nahe Augsburg und Stadtbergen. Telefon: 0821 - 20815313\",\"breadcrumb\":{\"@id\":\"https:\\\/\\\/logos-kieser.de\\\/#breadcrumb\"},\"inLanguage\":\"de\",\"potentialAction\":[{\"@type\":\"ReadAction\",\"target\":[\"https:\\\/\\\/logos-kieser.de\\\/\"]}]},{\"@type\":\"ImageObject\",\"inLanguage\":\"de\",\"@id\":\"https:\\\/\\\/logos-kieser.de\\\/#primaryimage\",\"url\":\"https:\\\/\\\/logos-kieser.de\\\/wp-content\\\/uploads\\\/2024\\\/01\\\/Linda-e1705155763577.jpg\",\"contentUrl\":\"https:\\\/\\\/logos-kieser.de\\\/wp-content\\\/uploads\\\/2024\\\/01\\\/Linda-e1705155763577.jpg\",\"width\":1250,\"height\":1127},{\"@type\":\"BreadcrumbList\",\"@id\":\"https:\\\/\\\/logos-kieser.de\\\/#breadcrumb\",\"itemListElement\":[{\"@type\":\"ListItem\",\"position\":1,\"name\":\"Startseite\",\"item\":\"https:\\\/\\\/logos-kieser.de\\\/\"},{\"@type\":\"ListItem\",\"position\":2,\"name\":\"Start\"}]},{\"@type\":\"WebSite\",\"@id\":\"https:\\\/\\\/logos-kieser.de\\\/#website\",\"url\":\"https:\\\/\\\/logos-kieser.de\\\/\",\"name\":\"Logop\u00e4dische Praxis Linda Kieser\",\"description\":\"\",\"publisher\":{\"@id\":\"https:\\\/\\\/logos-kieser.de\\\/#organization\"},\"potentialAction\":[{\"@type\":\"SearchAction\",\"target\":{\"@type\":\"EntryPoint\",\"urlTemplate\":\"https:\\\/\\\/logos-kieser.de\\\/?s={search_term_string}\"},\"query-input\":{\"@type\":\"PropertyValueSpecification\",\"valueRequired\":true,\"valueName\":\"search_term_string\"}}],\"inLanguage\":\"de\"},{\"@type\":\"Organization\",\"@id\":\"https:\\\/\\\/logos-kieser.de\\\/#organization\",\"name\":\"Logop\u00e4dische Praxis Linda Kieser\",\"url\":\"https:\\\/\\\/logos-kieser.de\\\/\",\"logo\":{\"@type\":\"ImageObject\",\"inLanguage\":\"de\",\"@id\":\"https:\\\/\\\/logos-kieser.de\\\/#\\\/schema\\\/logo\\\/image\\\/\",\"url\":\"https:\\\/\\\/logos-kieser.de\\\/wp-content\\\/uploads\\\/2024\\\/01\\\/logos_kieser_rgb_150px.gif\",\"contentUrl\":\"https:\\\/\\\/logos-kieser.de\\\/wp-content\\\/uploads\\\/2024\\\/01\\\/logos_kieser_rgb_150px.gif\",\"width\":150,\"height\":120,\"caption\":\"Logop\u00e4dische Praxis Linda Kieser\"},\"image\":{\"@id\":\"https:\\\/\\\/logos-kieser.de\\\/#\\\/schema\\\/logo\\\/image\\\/\"},\"sameAs\":[\"https:\\\/\\\/www.instagram.com\\\/logos_steppach\"]}]}<\/script>\n<!-- \/ Yoast SEO plugin. -->","yoast_head_json":{"title":"Start - Logop\u00e4dische Praxis Linda Kieser","description":"Logop\u00e4dische Praxis in Neus\u00e4\u00df, Steppach. Sprach-, Sprech-, Stimm- und Schlucktherapie nahe Augsburg und Stadtbergen. Telefon: 0821 - 20815313","robots":{"index":"index","follow":"follow","max-snippet":"max-snippet:-1","max-image-preview":"max-image-preview:large","max-video-preview":"max-video-preview:-1"},"canonical":"https:\/\/logos-kieser.de\/","og_locale":"de_DE","og_type":"article","og_title":"Start - Logop\u00e4dische Praxis Linda Kieser","og_description":"Logop\u00e4dische Praxis in Neus\u00e4\u00df, Steppach. Sprach-, Sprech-, Stimm- und Schlucktherapie nahe Augsburg und Stadtbergen. Telefon: 0821 - 20815313","og_url":"https:\/\/logos-kieser.de\/","og_site_name":"Logop\u00e4dische Praxis Linda Kieser","article_modified_time":"2026-08-06T10:01:26+00:00","og_image":[{"url":"https:\/\/logos-kieser.de\/wp-content\/uploads\/2024\/01\/Linda-208x300.jpg","type":"","width":"","height":""}],"twitter_card":"summary_large_image","twitter_misc":{"Gesch\u00e4tzte Lesezeit":"3\u00a0Minuten"},"schema":{"@context":"https:\/\/schema.org","@graph":[{"@type":"WebPage","@id":"https:\/\/logos-kieser.de\/","url":"https:\/\/logos-kieser.de\/","name":"Start - Logop\u00e4dische Praxis Linda Kieser","isPartOf":{"@id":"https:\/\/logos-kieser.de\/#website"},"primaryImageOfPage":{"@id":"https:\/\/logos-kieser.de\/#primaryimage"},"image":{"@id":"https:\/\/logos-kieser.de\/#primaryimage"},"thumbnailUrl":"https:\/\/logos-kieser.de\/wp-content\/uploads\/2024\/01\/Linda-208x300.jpg","datePublished":"2024-01-05T14:36:56+00:00","dateModified":"2026-08-06T10:01:26+00:00","description":"Logop\u00e4dische Praxis in Neus\u00e4\u00df, Steppach. Sprach-, Sprech-, Stimm- und Schlucktherapie nahe Augsburg und Stadtbergen. Telefon: 0821 - 20815313","breadcrumb":{"@id":"https:\/\/logos-kieser.de\/#breadcrumb"},"inLanguage":"de","potentialAction":[{"@type":"ReadAction","target":["https:\/\/logos-kieser.de\/"]}]},{"@type":"ImageObject","inLanguage":"de","@id":"https:\/\/logos-kieser.de\/#primaryimage","url":"https:\/\/logos-kieser.de\/wp-content\/uploads\/2024\/01\/Linda-e1705155763577.jpg","contentUrl":"https:\/\/logos-kieser.de\/wp-content\/uploads\/2024\/01\/Linda-e1705155763577.jpg","width":1250,"height":1127},{"@type":"BreadcrumbList","@id":"https:\/\/logos-kieser.de\/#breadcrumb","itemListElement":[{"@type":"ListItem","position":1,"name":"Startseite","item":"https:\/\/logos-kieser.de\/"},{"@type":"ListItem","position":2,"name":"Start"}]},{"@type":"WebSite","@id":"https:\/\/logos-kieser.de\/#website","url":"https:\/\/logos-kieser.de\/","name":"Logop\u00e4dische Praxis Linda Kieser","description":"","publisher":{"@id":"https:\/\/logos-kieser.de\/#organization"},"potentialAction":[{"@type":"SearchAction","target":{"@type":"EntryPoint","urlTemplate":"https:\/\/logos-kieser.de\/?s={search_term_string}"},"query-input":{"@type":"PropertyValueSpecification","valueRequired":true,"valueName":"search_term_string"}}],"inLanguage":"de"},{"@type":"Organization","@id":"https:\/\/logos-kieser.de\/#organization","name":"Logop\u00e4dische Praxis Linda Kieser","url":"https:\/\/logos-kieser.de\/","logo":{"@type":"ImageObject","inLanguage":"de","@id":"https:\/\/logos-kieser.de\/#\/schema\/logo\/image\/","url":"https:\/\/logos-kieser.de\/wp-content\/uploads\/2024\/01\/logos_kieser_rgb_150px.gif","contentUrl":"https:\/\/logos-kieser.de\/wp-content\/uploads\/2024\/01\/logos_kieser_rgb_150px.gif","width":150,"height":120,"caption":"Logop\u00e4dische Praxis Linda Kieser"},"image":{"@id":"https:\/\/logos-kieser.de\/#\/schema\/logo\/image\/"},"sameAs":["https:\/\/www.instagram.com\/logos_steppach"]}]}},"uagb_featured_image_src":{"full":false,"thumbnail":false,"medium":false,"medium_large":false,"large":false,"1536x1536":false,"2048x2048":false},"uagb_author_info":{"display_name":"Linda","author_link":"https:\/\/logos-kieser.de\/index.php\/author\/admin\/"},"uagb_comment_info":0,"uagb_excerpt":"Logop\u00e4die in Steppach Herzlich Willkommen bei L\u00f3gos! Mein Name ist Linda Kieser. Ich bin Logop\u00e4din und Praxisinhaberin.Meine Mitarbeiterinnen und ich [&hellip;]","_links":{"self":[{"href":"https:\/\/logos-kieser.de\/index.php\/wp-json\/wp\/v2\/pages\/16","targetHints":{"allow":["GET"]}}],"collection":[{"href":"https:\/\/logos-kieser.de\/index.php\/wp-json\/wp\/v2\/pages"}],"about":[{"href":"https:\/\/logos-kieser.de\/index.php\/wp-json\/wp\/v2\/types\/page"}],"author":[{"embeddable":true,"href":"https:\/\/logos-kieser.de\/index.php\/wp-json\/wp\/v2\/users\/1"}],"replies":[{"embeddable":true,"href":"https:\/\/logos-kieser.de\/index.php\/wp-json\/wp\/v2\/comments?post=16"}],"version-history":[{"count":45,"href":"https:\/\/logos-kieser.de\/index.php\/wp-json\/wp\/v2\/pages\/16\/revisions"}],"predecessor-version":[{"id":536,"href":"https:\/\/logos-kieser.de\/index.php\/wp-json\/wp\/v2\/pages\/16\/revisions\/536"}],"wp:attachment":[{"href":"https:\/\/logos-kieser.de\/index.php\/wp-json\/wp\/v2\/media?parent=16"}],"curies":[{"name":"wp","href":"https:\/\/api.w.org\/{rel}","templated":true}]}}